{"id":3800,"date":"2021-05-26T13:58:26","date_gmt":"2021-05-26T11:58:26","guid":{"rendered":"https:\/\/havelschule.de\/?page_id=3800"},"modified":"2021-11-14T12:57:32","modified_gmt":"2021-11-14T11:57:32","slug":"formulare-fuer-eltern","status":"publish","type":"page","link":"https:\/\/havelschule.de\/?page_id=3800","title":{"rendered":"Bef\u00f6rderung"},"content":{"rendered":"<div id=\"pl-3800\"  class=\"panel-layout\" ><div id=\"pg-3800-0\"  class=\"panel-grid panel-no-style\" ><div id=\"pgc-3800-0-0\"  class=\"panel-grid-cell panel-grid-cell-empty\" ><\/div><\/div><div id=\"pg-3800-1\"  class=\"panel-grid panel-no-style\" ><div id=\"pgc-3800-1-0\"  class=\"panel-grid-cell\" ><div id=\"panel-3800-1-0-0\" class=\"so-panel widget widget_text panel-first-child panel-last-child\" data-index=\"0\" ><h3 class=\"widget-title\">Merkbl\u00e4tter Sch\u00fcler*innenbef\u00f6rderung<\/h3>\t\t\t<div class=\"textwidget\"><\/div>\n\t\t<\/div><\/div><\/div><div id=\"pg-3800-2\"  class=\"panel-grid panel-no-style\" ><div id=\"pgc-3800-2-0\"  class=\"panel-grid-cell\" ><div id=\"panel-3800-2-0-0\" class=\"so-panel widget widget_media_image panel-first-child panel-last-child\" data-index=\"1\" ><h3 class=\"widget-title\">behindertenbedingte Bef\u00f6rderung<\/h3><a href=\"https:\/\/havelschule.de\/wp-content\/uploads\/2021\/05\/Merkblatt-behinderungsbedingte-Befoerderung.pdf\"><img loading=\"lazy\" decoding=\"async\" class=\"image \" src=\"https:\/\/havelschule.de\/wp-content\/uploads\/2021\/05\/Bildschirmfoto-2021-05-26-um-19.39.51-722x1024.png\" alt=\"\" width=\"722\" height=\"1024\" \/><\/a><\/div><\/div><div id=\"pgc-3800-2-1\"  class=\"panel-grid-cell\" ><div id=\"panel-3800-2-1-0\" class=\"so-panel widget widget_media_image panel-first-child panel-last-child\" data-index=\"2\" ><h3 class=\"widget-title\">Beantragung Zuschuss<\/h3><a href=\"https:\/\/havelschule.de\/wp-content\/uploads\/2021\/05\/Merkblatt_Beantragung_Zuschuss.pdf\"><img loading=\"lazy\" decoding=\"async\" class=\"image \" src=\"https:\/\/havelschule.de\/wp-content\/uploads\/2021\/05\/Bildschirmfoto-2021-05-26-um-19.39.23-721x1024.png\" alt=\"\" width=\"1052\" height=\"1494\" \/><\/a><\/div><\/div><div id=\"pgc-3800-2-2\"  class=\"panel-grid-cell\" ><div id=\"panel-3800-2-2-0\" class=\"so-panel widget widget_media_image panel-first-child panel-last-child\" data-index=\"3\" ><h3 class=\"widget-title\">Subventionierte Sch\u00fclerjahreskarte<\/h3><a href=\"https:\/\/havelschule.de\/wp-content\/uploads\/2021\/05\/Merkblatt-subvebtionierte-Schuelerjahreskarte.pdf\"><img loading=\"lazy\" decoding=\"async\" class=\"image \" src=\"https:\/\/havelschule.de\/wp-content\/uploads\/2021\/05\/Bildschirmfoto-2021-05-26-um-19.39.37-718x1024.png\" alt=\"\" width=\"1052\" height=\"1500\" \/><\/a><\/div><\/div><\/div><div id=\"pg-3800-3\"  class=\"panel-grid panel-no-style\" ><div id=\"pgc-3800-3-0\"  class=\"panel-grid-cell\" ><div id=\"panel-3800-3-0-0\" class=\"so-panel widget widget_text panel-first-child panel-last-child\" data-index=\"4\" ><h3 class=\"widget-title\">Antr\u00e4ge Sch\u00fcler*innenbef\u00f6rderung<\/h3>\t\t\t<div class=\"textwidget\"><\/div>\n\t\t<\/div><\/div><\/div><div id=\"pg-3800-4\"  class=\"panel-grid panel-no-style\" ><div id=\"pgc-3800-4-0\"  class=\"panel-grid-cell\" ><div id=\"panel-3800-4-0-0\" class=\"so-panel widget widget_media_image panel-first-child panel-last-child\" data-index=\"5\" ><h3 class=\"widget-title\">behindertenbedingte Bef\u00f6rderung<\/h3><a href=\"https:\/\/havelschule.de\/wp-content\/uploads\/2021\/05\/2A_behinderungsbed_Befoerderung.pdf\"><img loading=\"lazy\" decoding=\"async\" class=\"image \" src=\"https:\/\/havelschule.de\/wp-content\/uploads\/2021\/05\/Bildschirmfoto-2021-05-26-um-19.39.07-723x1024.png\" alt=\"\" width=\"1054\" height=\"1492\" \/><\/a><\/div><\/div><div id=\"pgc-3800-4-1\"  class=\"panel-grid-cell\" ><div id=\"panel-3800-4-1-0\" class=\"so-panel widget widget_media_image panel-first-child panel-last-child\" data-index=\"6\" ><h3 class=\"widget-title\">Fahrtkostenzuschuss<\/h3><a href=\"https:\/\/havelschule.de\/wp-content\/uploads\/2021\/05\/3A_Fahrtkostenzuschuss_ausserhalb_SJ_2019_20.pdf\"><img loading=\"lazy\" decoding=\"async\" class=\"image \" src=\"https:\/\/havelschule.de\/wp-content\/uploads\/2021\/05\/Bildschirmfoto-2021-05-26-um-19.38.52-723x1024.png\" alt=\"\" width=\"1056\" height=\"1496\" \/><\/a><\/div><\/div><div id=\"pgc-3800-4-2\"  class=\"panel-grid-cell\" ><div id=\"panel-3800-4-2-0\" class=\"so-panel widget widget_media_image panel-first-child panel-last-child\" data-index=\"7\" ><h3 class=\"widget-title\">subventionierte Sch\u00fclerjahreskarte<\/h3><a href=\"https:\/\/havelschule.de\/wp-content\/uploads\/2021\/05\/4A_subvent_Schuelerjahreskarte_OVG.pdf\"><img loading=\"lazy\" decoding=\"async\" class=\"image \" src=\"https:\/\/havelschule.de\/wp-content\/uploads\/2021\/05\/Bildschirmfoto-2021-05-26-um-19.38.38-719x1024.png\" alt=\"\" width=\"1050\" height=\"1496\" \/><\/a><\/div><\/div><\/div><\/div>","protected":false},"excerpt":{"rendered":"","protected":false},"author":1,"featured_media":0,"parent":0,"menu_order":0,"comment_status":"closed","ping_status":"closed","template":"","meta":{"footnotes":""},"class_list":["post-3800","page","type-page","status-publish","hentry"],"_links":{"self":[{"href":"https:\/\/havelschule.de\/index.php?rest_route=\/wp\/v2\/pages\/3800","targetHints":{"allow":["GET"]}}],"collection":[{"href":"https:\/\/havelschule.de\/index.php?rest_route=\/wp\/v2\/pages"}],"about":[{"href":"https:\/\/havelschule.de\/index.php?rest_route=\/wp\/v2\/types\/page"}],"author":[{"embeddable":true,"href":"https:\/\/havelschule.de\/index.php?rest_route=\/wp\/v2\/users\/1"}],"replies":[{"embeddable":true,"href":"https:\/\/havelschule.de\/index.php?rest_route=%2Fwp%2Fv2%2Fcomments&post=3800"}],"version-history":[{"count":38,"href":"https:\/\/havelschule.de\/index.php?rest_route=\/wp\/v2\/pages\/3800\/revisions"}],"predecessor-version":[{"id":4614,"href":"https:\/\/havelschule.de\/index.php?rest_route=\/wp\/v2\/pages\/3800\/revisions\/4614"}],"wp:attachment":[{"href":"https:\/\/havelschule.de\/index.php?rest_route=%2Fwp%2Fv2%2Fmedia&parent=3800"}],"curies":[{"name":"wp","href":"https:\/\/api.w.org\/{rel}","templated":true}]}}