{"id":4737,"date":"2021-11-27T16:09:05","date_gmt":"2021-11-27T15:09:05","guid":{"rendered":"https:\/\/havelschule.de\/?page_id=4737"},"modified":"2025-07-13T18:30:20","modified_gmt":"2025-07-13T16:30:20","slug":"schul-faqs","status":"publish","type":"page","link":"https:\/\/havelschule.de\/?page_id=4737","title":{"rendered":"Schul FAQs"},"content":{"rendered":"<div id=\"pl-4737\"  class=\"panel-layout\" ><div id=\"pg-4737-0\"  class=\"panel-grid panel-no-style\" ><div id=\"pgc-4737-0-0\"  class=\"panel-grid-cell\" ><div id=\"panel-4737-0-0-0\" class=\"so-panel widget widget_sow-accordion panel-first-child panel-last-child\" data-index=\"0\" ><div\n\t\t\t\n\t\t\tclass=\"so-widget-sow-accordion so-widget-sow-accordion-default-573fd9172e77-4737\"\n\t\t\t\n\t\t><h3 class=\"widget-title\">Allgemeines<\/h3><div>\n\t<div class=\"sow-accordion\">\n\t\t\t<div class=\"sow-accordion-panel\n\t\t\t\t\t\"\n\t\t\t\tdata-anchor-id=\"ich-habe-ein-anliegen-zu-meinem-kind-wo-melde-ich-mich\">\n\t\t\t\t\t<div class=\"sow-accordion-panel-header-container\" role=\"heading\" aria-level=\"2\">\n\t\t\t\t\t<div class=\"sow-accordion-panel-header\" tabindex=\"0\" role=\"button\" id=\"accordion-label-ich-habe-ein-anliegen-zu-meinem-kind-wo-melde-ich-mich\" aria-controls=\"accordion-content-ich-habe-ein-anliegen-zu-meinem-kind-wo-melde-ich-mich\" aria-expanded=\"false\">\n\t\t\t\t\t\t<div class=\"sow-accordion-title sow-accordion-title-icon-left\">\n\t\t\t\t\t\t\t\t\t\t\t\t\t\tIch habe ein Anliegen zu meinem Kind, wo melde ich mich?\t\t\t\t\t\t\t\t\t\t\t\t\t<\/div>\n\t\t\t\t\t\t<div class=\"sow-accordion-open-close-button\">\n\t\t\t\t\t\t\t<div class=\"sow-accordion-open-button\">\n\t\t\t\t\t\t\t\t<span class=\"sow-icon-ionicons\" data-sow-icon=\"&#xf218;\"\n\t\t \n\t\taria-hidden=\"true\"><\/span>\t\t\t\t\t\t\t<\/div>\n\t\t\t\t\t\t\t<div class=\"sow-accordion-close-button\">\n\t\t\t\t\t\t\t\t<span class=\"sow-icon-ionicons\" data-sow-icon=\"&#xf209;\"\n\t\t \n\t\taria-hidden=\"true\"><\/span>\t\t\t\t\t\t\t<\/div>\n\t\t\t\t\t\t<\/div>\n\t\t\t\t\t<\/div>\n\t\t\t\t<\/div>\n\n\t\t\t<div\n\t\t\t\tclass=\"sow-accordion-panel-content\"\n\t\t\t\trole=\"region\"\n\t\t\t\taria-labelledby=\"accordion-label-ich-habe-ein-anliegen-zu-meinem-kind-wo-melde-ich-mich\"\n\t\t\t\tid=\"accordion-content-ich-habe-ein-anliegen-zu-meinem-kind-wo-melde-ich-mich\"\n\t\t\t\tstyle=\"display: none;\"\t\t\t>\n\t\t\t\t<div class=\"sow-accordion-panel-border\">\n\t\t\t\t\t<p>Auch in der schulischen Arbeit kommt es immer wieder zu Situationen, in denen man das pers\u00f6nliche Gespr\u00e4ch f\u00fchren muss. Beachten Sie hierzu bitte den \"Dienstweg\", der unbedingt einzuhalten ist. So k\u00f6nnen wir Ihnen und Ihrem Kind am besten helfen. (Zum \u00d6ffnen klicken!)<\/p>\n<p><a href=\"https:\/\/havelschule.de\/wp-content\/uploads\/2023\/10\/110923_Zimmermann_Kommunikationsmanagement.pdf\"><img loading=\"lazy\" decoding=\"async\" class=\"alignleft wp-image-6654 size-medium\" src=\"https:\/\/havelschule.de\/wp-content\/uploads\/2023\/10\/Kommunikation-300x170.png\" alt=\"\" width=\"300\" height=\"170\" srcset=\"https:\/\/havelschule.de\/wp-content\/uploads\/2023\/10\/Kommunikation-300x170.png 300w, https:\/\/havelschule.de\/wp-content\/uploads\/2023\/10\/Kommunikation-1024x580.png 1024w, https:\/\/havelschule.de\/wp-content\/uploads\/2023\/10\/Kommunikation-768x435.png 768w, https:\/\/havelschule.de\/wp-content\/uploads\/2023\/10\/Kommunikation-840x480.png 840w, https:\/\/havelschule.de\/wp-content\/uploads\/2023\/10\/Kommunikation.png 1272w\" sizes=\"auto, (max-width: 300px) 100vw, 300px\" \/><\/a><\/p>\n\t\t\t\t<\/div>\n\t\t\t<\/div>\n\t\t<\/div>\n\t\t\t<div class=\"sow-accordion-panel\n\t\t\t\t\t\"\n\t\t\t\tdata-anchor-id=\"ich-bin-umgezogen-welche-informationen-benoetigt-die-schule\">\n\t\t\t\t\t<div class=\"sow-accordion-panel-header-container\" role=\"heading\" aria-level=\"2\">\n\t\t\t\t\t<div class=\"sow-accordion-panel-header\" tabindex=\"0\" role=\"button\" id=\"accordion-label-ich-bin-umgezogen-welche-informationen-ben%c3%b6tigt-die-schule\" aria-controls=\"accordion-content-ich-bin-umgezogen-welche-informationen-ben%c3%b6tigt-die-schule\" aria-expanded=\"false\">\n\t\t\t\t\t\t<div class=\"sow-accordion-title sow-accordion-title-icon-left\">\n\t\t\t\t\t\t\t\t\t\t\t\t\t\tIch bin umgezogen. Welche Informationen ben\u00f6tigt die Schule?\t\t\t\t\t\t\t\t\t\t\t\t\t<\/div>\n\t\t\t\t\t\t<div class=\"sow-accordion-open-close-button\">\n\t\t\t\t\t\t\t<div class=\"sow-accordion-open-button\">\n\t\t\t\t\t\t\t\t<span class=\"sow-icon-ionicons\" data-sow-icon=\"&#xf218;\"\n\t\t \n\t\taria-hidden=\"true\"><\/span>\t\t\t\t\t\t\t<\/div>\n\t\t\t\t\t\t\t<div class=\"sow-accordion-close-button\">\n\t\t\t\t\t\t\t\t<span class=\"sow-icon-ionicons\" data-sow-icon=\"&#xf209;\"\n\t\t \n\t\taria-hidden=\"true\"><\/span>\t\t\t\t\t\t\t<\/div>\n\t\t\t\t\t\t<\/div>\n\t\t\t\t\t<\/div>\n\t\t\t\t<\/div>\n\n\t\t\t<div\n\t\t\t\tclass=\"sow-accordion-panel-content\"\n\t\t\t\trole=\"region\"\n\t\t\t\taria-labelledby=\"accordion-label-ich-bin-umgezogen-welche-informationen-ben%c3%b6tigt-die-schule\"\n\t\t\t\tid=\"accordion-content-ich-bin-umgezogen-welche-informationen-ben%c3%b6tigt-die-schule\"\n\t\t\t\tstyle=\"display: none;\"\t\t\t>\n\t\t\t\t<div class=\"sow-accordion-panel-border\">\n\t\t\t\t\t<p>Wenn Sie umgezogen sind, braucht die Klassenleitung umgehend die neue Adresse, um sie in unser System einzutragen. Bitte geben Sie Ihrem Kind eine aktuelle Meldebest\u00e4tigung mit. Nur so k\u00f6nnen wir eine \u00c4nderung vornehmen.<\/p>\n<p>Sollte sich mit dem Umzug der Schulbezirk ver\u00e4ndern und die Havelschule nicht mehr zust\u00e4ndig sein, m\u00fcssen Sie nach \u00a7106 BbgSchulG einen \u201eAntrag auf Beschulung an einer nicht zust\u00e4ndigen Schule (Havelschule)\u201c ausf\u00fcllen. Dar\u00fcber entscheidet dann nach Pr\u00fcfung das Staatliche Schulamt Neuruppin.<\/p>\n\t\t\t\t<\/div>\n\t\t\t<\/div>\n\t\t<\/div>\n\t\t\t<div class=\"sow-accordion-panel\n\t\t\t\t\t\"\n\t\t\t\tdata-anchor-id=\"ich-habe-neue-kontaktdaten-handy-telefon-e-mail-was-muss-ich-tun\">\n\t\t\t\t\t<div class=\"sow-accordion-panel-header-container\" role=\"heading\" aria-level=\"2\">\n\t\t\t\t\t<div class=\"sow-accordion-panel-header\" tabindex=\"0\" role=\"button\" id=\"accordion-label-ich-habe-neue-kontaktdaten-handy-telefon-e-mail-%e2%80%a6-was-muss-ich-tun\" aria-controls=\"accordion-content-ich-habe-neue-kontaktdaten-handy-telefon-e-mail-%e2%80%a6-was-muss-ich-tun\" aria-expanded=\"false\">\n\t\t\t\t\t\t<div class=\"sow-accordion-title sow-accordion-title-icon-left\">\n\t\t\t\t\t\t\t\t\t\t\t\t\t\tIch habe neue Kontaktdaten (Handy, Telefon, E-Mail, \u2026). Was muss ich tun?\t\t\t\t\t\t\t\t\t\t\t\t\t<\/div>\n\t\t\t\t\t\t<div class=\"sow-accordion-open-close-button\">\n\t\t\t\t\t\t\t<div class=\"sow-accordion-open-button\">\n\t\t\t\t\t\t\t\t<span class=\"sow-icon-ionicons\" data-sow-icon=\"&#xf218;\"\n\t\t \n\t\taria-hidden=\"true\"><\/span>\t\t\t\t\t\t\t<\/div>\n\t\t\t\t\t\t\t<div class=\"sow-accordion-close-button\">\n\t\t\t\t\t\t\t\t<span class=\"sow-icon-ionicons\" data-sow-icon=\"&#xf209;\"\n\t\t \n\t\taria-hidden=\"true\"><\/span>\t\t\t\t\t\t\t<\/div>\n\t\t\t\t\t\t<\/div>\n\t\t\t\t\t<\/div>\n\t\t\t\t<\/div>\n\n\t\t\t<div\n\t\t\t\tclass=\"sow-accordion-panel-content\"\n\t\t\t\trole=\"region\"\n\t\t\t\taria-labelledby=\"accordion-label-ich-habe-neue-kontaktdaten-handy-telefon-e-mail-%e2%80%a6-was-muss-ich-tun\"\n\t\t\t\tid=\"accordion-content-ich-habe-neue-kontaktdaten-handy-telefon-e-mail-%e2%80%a6-was-muss-ich-tun\"\n\t\t\t\tstyle=\"display: none;\"\t\t\t>\n\t\t\t\t<div class=\"sow-accordion-panel-border\">\n\t\t\t\t\t<p>Wenn sich bei Ihnen die uns bekannten Kontaktdaten ver\u00e4ndern - vor allem die Notfallnummer -, bitten wir Sie umgehend der Klassenleitung eine Nachricht zukommen zu lassen. Daraufhin aktualisieren wir unsere Kontaktdaten im System.<\/p>\n\t\t\t\t<\/div>\n\t\t\t<\/div>\n\t\t<\/div>\n\t\t\t<div class=\"sow-accordion-panel\n\t\t\t\t\t\"\n\t\t\t\tdata-anchor-id=\"der-sorgerechtsstatus-fuer-mein-kind-hat-sich-veraendert-was-muss-ich-melden\">\n\t\t\t\t\t<div class=\"sow-accordion-panel-header-container\" role=\"heading\" aria-level=\"2\">\n\t\t\t\t\t<div class=\"sow-accordion-panel-header\" tabindex=\"0\" role=\"button\" id=\"accordion-label-der-sorgerechtsstatus-f%c3%bcr-mein-kind-hat-sich-ver%c3%a4ndert-was-muss-ich-melden\" aria-controls=\"accordion-content-der-sorgerechtsstatus-f%c3%bcr-mein-kind-hat-sich-ver%c3%a4ndert-was-muss-ich-melden\" aria-expanded=\"false\">\n\t\t\t\t\t\t<div class=\"sow-accordion-title sow-accordion-title-icon-left\">\n\t\t\t\t\t\t\t\t\t\t\t\t\t\tDer Sorgerechtsstatus f\u00fcr mein Kind hat sich ver\u00e4ndert. Was muss ich melden?\t\t\t\t\t\t\t\t\t\t\t\t\t<\/div>\n\t\t\t\t\t\t<div class=\"sow-accordion-open-close-button\">\n\t\t\t\t\t\t\t<div class=\"sow-accordion-open-button\">\n\t\t\t\t\t\t\t\t<span class=\"sow-icon-ionicons\" data-sow-icon=\"&#xf218;\"\n\t\t \n\t\taria-hidden=\"true\"><\/span>\t\t\t\t\t\t\t<\/div>\n\t\t\t\t\t\t\t<div class=\"sow-accordion-close-button\">\n\t\t\t\t\t\t\t\t<span class=\"sow-icon-ionicons\" data-sow-icon=\"&#xf209;\"\n\t\t \n\t\taria-hidden=\"true\"><\/span>\t\t\t\t\t\t\t<\/div>\n\t\t\t\t\t\t<\/div>\n\t\t\t\t\t<\/div>\n\t\t\t\t<\/div>\n\n\t\t\t<div\n\t\t\t\tclass=\"sow-accordion-panel-content\"\n\t\t\t\trole=\"region\"\n\t\t\t\taria-labelledby=\"accordion-label-der-sorgerechtsstatus-f%c3%bcr-mein-kind-hat-sich-ver%c3%a4ndert-was-muss-ich-melden\"\n\t\t\t\tid=\"accordion-content-der-sorgerechtsstatus-f%c3%bcr-mein-kind-hat-sich-ver%c3%a4ndert-was-muss-ich-melden\"\n\t\t\t\tstyle=\"display: none;\"\t\t\t>\n\t\t\t\t<div class=\"sow-accordion-panel-border\">\n\t\t\t\t\t<p>Sollte sich beim Sorgerechtsstatus Ihres Kindes etwas ver\u00e4ndern, brauchen wir dringend den Bescheid des Gerichts \u00fcber die \u00c4nderung (Negativattest) zur Einsicht. Ohne einen entsprechenden Bescheid d\u00fcrfen wir keinerlei Daten und\/oder Informationen Ihres Kindes an diese Person herausgeben.<\/p>\n<p>Nur Personen, die laut unserem System sorgeberechtigt sind, d\u00fcrfen Informationen (Noten, Einsch\u00e4tzungen, Daten) des Kindes bekommen oder einsehen.<\/p>\n\t\t\t\t<\/div>\n\t\t\t<\/div>\n\t\t<\/div>\n\t\t\t<div class=\"sow-accordion-panel\n\t\t\t\t\t\"\n\t\t\t\tdata-anchor-id=\"ich-habe-fragen-zum-schulessen-an-wen-wende-ich-mich\">\n\t\t\t\t\t<div class=\"sow-accordion-panel-header-container\" role=\"heading\" aria-level=\"2\">\n\t\t\t\t\t<div class=\"sow-accordion-panel-header\" tabindex=\"0\" role=\"button\" id=\"accordion-label-ich-habe-fragen-zum-schulessen-an-wen-wende-ich-mich\" aria-controls=\"accordion-content-ich-habe-fragen-zum-schulessen-an-wen-wende-ich-mich\" aria-expanded=\"false\">\n\t\t\t\t\t\t<div class=\"sow-accordion-title sow-accordion-title-icon-left\">\n\t\t\t\t\t\t\t\t\t\t\t\t\t\tIch habe Fragen zum Schulessen. An wen wende ich mich?\t\t\t\t\t\t\t\t\t\t\t\t\t<\/div>\n\t\t\t\t\t\t<div class=\"sow-accordion-open-close-button\">\n\t\t\t\t\t\t\t<div class=\"sow-accordion-open-button\">\n\t\t\t\t\t\t\t\t<span class=\"sow-icon-ionicons\" data-sow-icon=\"&#xf218;\"\n\t\t \n\t\taria-hidden=\"true\"><\/span>\t\t\t\t\t\t\t<\/div>\n\t\t\t\t\t\t\t<div class=\"sow-accordion-close-button\">\n\t\t\t\t\t\t\t\t<span class=\"sow-icon-ionicons\" data-sow-icon=\"&#xf209;\"\n\t\t \n\t\taria-hidden=\"true\"><\/span>\t\t\t\t\t\t\t<\/div>\n\t\t\t\t\t\t<\/div>\n\t\t\t\t\t<\/div>\n\t\t\t\t<\/div>\n\n\t\t\t<div\n\t\t\t\tclass=\"sow-accordion-panel-content\"\n\t\t\t\trole=\"region\"\n\t\t\t\taria-labelledby=\"accordion-label-ich-habe-fragen-zum-schulessen-an-wen-wende-ich-mich\"\n\t\t\t\tid=\"accordion-content-ich-habe-fragen-zum-schulessen-an-wen-wende-ich-mich\"\n\t\t\t\tstyle=\"display: none;\"\t\t\t>\n\t\t\t\t<div class=\"sow-accordion-panel-border\">\n\t\t\t\t\t<p>Sollten Sie Fragen zum Schulessen haben, wenden Sie sich bitte bei einem bestehenden Hortvertrag an die Stadtverwaltung Oranienburg. Sollten Sie keinen Hortvertrag haben, wenden Sie sich bitte an die Schulverwaltung der Stadt Oranienburg.<\/p>\n<p>Die Schule kann Ihnen hierzu leider keine Informationen geben, da wir keinen Vertrag mit dem Essensanbieter haben.<\/p>\n<p>Links zur neuen Satzung f\u00fcr die Schulspeisung:<br \/>\nAntrag Schulspeisung\u00a0\u00a0\u00a0 <a href=\"https:\/\/fs.advantic.de\/metaform\/Form-Solutions\/sid\/assistant\/60f7cd739a1c1a6cc6f685f7\">https:\/\/fs.advantic.de\/metaform\/Form-Solutions\/sid\/assistant\/60f7cd739a1c1a6cc6f685f7<\/a><br \/>\nEinzugserm\u00e4chtigung\u00a0\u00a0\u00a0 <a href=\"https:\/\/oranienburg.de\/media\/custom\/2967_1411_1.PDF?1633426591\">https:\/\/oranienburg.de\/media\/custom\/2967_1411_1.PDF?1633426591<\/a><\/p>\n\t\t\t\t<\/div>\n\t\t\t<\/div>\n\t\t<\/div>\n\t\t\t<div class=\"sow-accordion-panel\n\t\t\t\t\t\"\n\t\t\t\tdata-anchor-id=\"ich-muss-mein-kind-vom-unterricht-freistellen-wie-ist-der-ablauf\">\n\t\t\t\t\t<div class=\"sow-accordion-panel-header-container\" role=\"heading\" aria-level=\"2\">\n\t\t\t\t\t<div class=\"sow-accordion-panel-header\" tabindex=\"0\" role=\"button\" id=\"accordion-label-ich-muss-mein-kind-vom-unterricht-freistellen-wie-ist-der-ablauf\" aria-controls=\"accordion-content-ich-muss-mein-kind-vom-unterricht-freistellen-wie-ist-der-ablauf\" aria-expanded=\"false\">\n\t\t\t\t\t\t<div class=\"sow-accordion-title sow-accordion-title-icon-left\">\n\t\t\t\t\t\t\t\t\t\t\t\t\t\tIch muss mein Kind vom Unterricht freistellen. Wie ist der Ablauf?\t\t\t\t\t\t\t\t\t\t\t\t\t<\/div>\n\t\t\t\t\t\t<div class=\"sow-accordion-open-close-button\">\n\t\t\t\t\t\t\t<div class=\"sow-accordion-open-button\">\n\t\t\t\t\t\t\t\t<span class=\"sow-icon-ionicons\" data-sow-icon=\"&#xf218;\"\n\t\t \n\t\taria-hidden=\"true\"><\/span>\t\t\t\t\t\t\t<\/div>\n\t\t\t\t\t\t\t<div class=\"sow-accordion-close-button\">\n\t\t\t\t\t\t\t\t<span class=\"sow-icon-ionicons\" data-sow-icon=\"&#xf209;\"\n\t\t \n\t\taria-hidden=\"true\"><\/span>\t\t\t\t\t\t\t<\/div>\n\t\t\t\t\t\t<\/div>\n\t\t\t\t\t<\/div>\n\t\t\t\t<\/div>\n\n\t\t\t<div\n\t\t\t\tclass=\"sow-accordion-panel-content\"\n\t\t\t\trole=\"region\"\n\t\t\t\taria-labelledby=\"accordion-label-ich-muss-mein-kind-vom-unterricht-freistellen-wie-ist-der-ablauf\"\n\t\t\t\tid=\"accordion-content-ich-muss-mein-kind-vom-unterricht-freistellen-wie-ist-der-ablauf\"\n\t\t\t\tstyle=\"display: none;\"\t\t\t>\n\t\t\t\t<div class=\"sow-accordion-panel-border\">\n\t\t\t\t\t<p>Im Leben gibt es immer wieder F\u00e4lle, die besonders behandelt werden m\u00fcssen (Eheschlie\u00dfungen, Beerdigungen, Wohnungswechsel, Arztbesuche oder Beh\u00f6rdeng\u00e4nge). Daf\u00fcr k\u00f6nnen Sie als Eltern bei der Schule einen schriftlichen Antrag auf Beurlaubung stellen (<a href=\"https:\/\/bravors.brandenburg.de\/verwaltungsvorschriften\/vv_schulbetrieb#8\" target=\"_blank\" rel=\"noopener\">VV Schulbetrieb Punkt 8 Abs. 1 und 2<\/a>).<\/p>\n<p>Entscheidungsbefugt in den genannten F\u00e4llen sind:<\/p>\n<ol start=\"1\" type=\"a\">\n<li>f\u00fcr Beurlaubungen <strong>bis zu insgesamt drei Tagen<\/strong> innerhalb eines Schuljahres die <strong>Klassenlehrkraft (au\u00dfer vor- und nach Ferien)<\/strong><\/li>\n<li>f\u00fcr Beurlaubungen <strong>bis zu insgesamt vier Wochen<\/strong> innerhalb eines Schuljahres die <strong>Schulleitung<\/strong>,<\/li>\n<li>f\u00fcr <strong>zeitlich dar\u00fcber hinausgehende<\/strong> Beurlaubungen das <strong>staatliche Schulamt<\/strong>.<\/li>\n<\/ol>\n<p>Etwaige Antr\u00e4ge sind <strong>mindestens 3 Wochen vorher<\/strong>\u00a0und in <strong>schriftlicher Form<\/strong> einzureichen, damit eine gr\u00fcndliche Pr\u00fcfung und Beantwortung gew\u00e4hrleistet werden kann.<\/p>\n\t\t\t\t<\/div>\n\t\t\t<\/div>\n\t\t<\/div>\n\t\t<\/div>\n<\/div>\n<\/div><\/div><\/div><\/div><div id=\"pg-4737-1\"  class=\"panel-grid panel-no-style\" ><div id=\"pgc-4737-1-0\"  class=\"panel-grid-cell\" ><div id=\"panel-4737-1-0-0\" class=\"so-panel widget widget_sow-accordion panel-first-child panel-last-child\" data-index=\"1\" ><div\n\t\t\t\n\t\t\tclass=\"so-widget-sow-accordion so-widget-sow-accordion-default-b9b8c74ade47-4737\"\n\t\t\t\n\t\t><h3 class=\"widget-title\">Krankheit<\/h3><div>\n\t<div class=\"sow-accordion\">\n\t\t\t<div class=\"sow-accordion-panel\n\t\t\t\t\t\"\n\t\t\t\tdata-anchor-id=\"mein-kind-ist-krank-wen-muss-ich-informieren\">\n\t\t\t\t\t<div class=\"sow-accordion-panel-header-container\" role=\"heading\" aria-level=\"2\">\n\t\t\t\t\t<div class=\"sow-accordion-panel-header\" tabindex=\"0\" role=\"button\" id=\"accordion-label-mein-kind-ist-krank-wen-muss-ich-informieren\" aria-controls=\"accordion-content-mein-kind-ist-krank-wen-muss-ich-informieren\" aria-expanded=\"false\">\n\t\t\t\t\t\t<div class=\"sow-accordion-title sow-accordion-title-icon-left\">\n\t\t\t\t\t\t\t\t\t\t\t\t\t\tMein Kind ist krank, wen muss ich informieren?\t\t\t\t\t\t\t\t\t\t\t\t\t<\/div>\n\t\t\t\t\t\t<div class=\"sow-accordion-open-close-button\">\n\t\t\t\t\t\t\t<div class=\"sow-accordion-open-button\">\n\t\t\t\t\t\t\t\t<span class=\"sow-icon-ionicons\" data-sow-icon=\"&#xf218;\"\n\t\t \n\t\taria-hidden=\"true\"><\/span>\t\t\t\t\t\t\t<\/div>\n\t\t\t\t\t\t\t<div class=\"sow-accordion-close-button\">\n\t\t\t\t\t\t\t\t<span class=\"sow-icon-ionicons\" data-sow-icon=\"&#xf209;\"\n\t\t \n\t\taria-hidden=\"true\"><\/span>\t\t\t\t\t\t\t<\/div>\n\t\t\t\t\t\t<\/div>\n\t\t\t\t\t<\/div>\n\t\t\t\t<\/div>\n\n\t\t\t<div\n\t\t\t\tclass=\"sow-accordion-panel-content\"\n\t\t\t\trole=\"region\"\n\t\t\t\taria-labelledby=\"accordion-label-mein-kind-ist-krank-wen-muss-ich-informieren\"\n\t\t\t\tid=\"accordion-content-mein-kind-ist-krank-wen-muss-ich-informieren\"\n\t\t\t\tstyle=\"display: none;\"\t\t\t>\n\t\t\t\t<div class=\"sow-accordion-panel-border\">\n\t\t\t\t\t<p>Bitte informieren Sie <strong>bis sp\u00e4testens 7:30 Uhr<\/strong><\/p>\n<ul data-spread=\"false\">\n<li style=\"list-style-type: none;\">\n<ul data-spread=\"false\">\n<li>die <strong>Klassenleitung per E-Mail<\/strong><\/li>\n<li>das <strong>Sekretariat per E-Mail <\/strong>(<a>info@havelschule.de<\/a>) oder telefonisch (<a href=\"tel:03301\/582002\">03301\/582002<\/a>, Anrufbeantworter).<\/li>\n<li>Nutzen Sie die <strong>CC-Funktion<\/strong> Ihrer E-Mail, um beide Empf\u00e4nger gleichzeitig zu benachrichtigen. Dies erleichtert die Bearbeitung und vermeidet R\u00fcckfragen.<\/li>\n<\/ul>\n<\/li>\n<\/ul>\n\t\t\t\t<\/div>\n\t\t\t<\/div>\n\t\t<\/div>\n\t\t\t<div class=\"sow-accordion-panel\n\t\t\t\t\t\"\n\t\t\t\tdata-anchor-id=\"mein-kind-war-krank-wann-benoetige-ich-eine-krankschreibung\">\n\t\t\t\t\t<div class=\"sow-accordion-panel-header-container\" role=\"heading\" aria-level=\"2\">\n\t\t\t\t\t<div class=\"sow-accordion-panel-header\" tabindex=\"0\" role=\"button\" id=\"accordion-label-mein-kind-war-krank-wann-ben%c3%b6tige-ich-eine-krankschreibung\" aria-controls=\"accordion-content-mein-kind-war-krank-wann-ben%c3%b6tige-ich-eine-krankschreibung\" aria-expanded=\"false\">\n\t\t\t\t\t\t<div class=\"sow-accordion-title sow-accordion-title-icon-left\">\n\t\t\t\t\t\t\t\t\t\t\t\t\t\tMein Kind war krank, wann ben\u00f6tige ich eine Krankschreibung?\t\t\t\t\t\t\t\t\t\t\t\t\t<\/div>\n\t\t\t\t\t\t<div class=\"sow-accordion-open-close-button\">\n\t\t\t\t\t\t\t<div class=\"sow-accordion-open-button\">\n\t\t\t\t\t\t\t\t<span class=\"sow-icon-ionicons\" data-sow-icon=\"&#xf218;\"\n\t\t \n\t\taria-hidden=\"true\"><\/span>\t\t\t\t\t\t\t<\/div>\n\t\t\t\t\t\t\t<div class=\"sow-accordion-close-button\">\n\t\t\t\t\t\t\t\t<span class=\"sow-icon-ionicons\" data-sow-icon=\"&#xf209;\"\n\t\t \n\t\taria-hidden=\"true\"><\/span>\t\t\t\t\t\t\t<\/div>\n\t\t\t\t\t\t<\/div>\n\t\t\t\t\t<\/div>\n\t\t\t\t<\/div>\n\n\t\t\t<div\n\t\t\t\tclass=\"sow-accordion-panel-content\"\n\t\t\t\trole=\"region\"\n\t\t\t\taria-labelledby=\"accordion-label-mein-kind-war-krank-wann-ben%c3%b6tige-ich-eine-krankschreibung\"\n\t\t\t\tid=\"accordion-content-mein-kind-war-krank-wann-ben%c3%b6tige-ich-eine-krankschreibung\"\n\t\t\t\tstyle=\"display: none;\"\t\t\t>\n\t\t\t\t<div class=\"sow-accordion-panel-border\">\n\t\t\t\t\t<p>Ihr Kind bleibt bei Krankheit nat\u00fcrlich zu Hause und kuriert sich aus. Wenn es wieder in die Schule kommt, geben Sie ihm bitte eine Mitteilung f\u00fcr die Klassenleitung mit, in der Sie um die Entschuldigung Ihres Kindes bitten. Sie selbst k\u00f6nnen das Kind <span style=\"text-decoration: underline;\">nicht<\/span> entschuldigen. Bleibt ihr Kind l\u00e4nger als 3 Tage krank, gehen Sie bitte mit ihm zum Arzt. Die Krankschreibung vom Arzt \u00fcbergeben Sie sie bitte der Klassenleitung.<\/p>\n<p><strong>Beispiel f\u00fcr eine Elternentschuldigung:\u00a0<\/strong><br \/>\nSehr geehrte\/r Frau\/Herr <em>[Name der Klassenleitung]<\/em>,<\/p>\n<p>mein Sohn\/meine Tochter <em>[Name des Kindes]<\/em> war in den letzten Tagen krankheitsbedingt zu Hause. Ich bitte Sie, das Fehlen meines Sohnes\/meiner Tochter zu entschuldigen.<\/p>\n<p>Mit freundlichen Gr\u00fc\u00dfen<\/p>\n<p><em>Unterschrift Erziehungsberechtigte\/r<\/em><\/p>\n\t\t\t\t<\/div>\n\t\t\t<\/div>\n\t\t<\/div>\n\t\t\t<div class=\"sow-accordion-panel\n\t\t\t\t\t\"\n\t\t\t\tdata-anchor-id=\"mein-kind-hat-eine-krankheit-nach-infektionsschutzgesetz-was-muss-ich-tun\">\n\t\t\t\t\t<div class=\"sow-accordion-panel-header-container\" role=\"heading\" aria-level=\"2\">\n\t\t\t\t\t<div class=\"sow-accordion-panel-header\" tabindex=\"0\" role=\"button\" id=\"accordion-label-mein-kind-hat-eine-krankheit-nach-infektionsschutzgesetz-was-muss-ich-tun\" aria-controls=\"accordion-content-mein-kind-hat-eine-krankheit-nach-infektionsschutzgesetz-was-muss-ich-tun\" aria-expanded=\"false\">\n\t\t\t\t\t\t<div class=\"sow-accordion-title sow-accordion-title-icon-left\">\n\t\t\t\t\t\t\t\t\t\t\t\t\t\tMein Kind hat eine Krankheit nach Infektionsschutzgesetz. Was muss ich tun?\t\t\t\t\t\t\t\t\t\t\t\t\t<\/div>\n\t\t\t\t\t\t<div class=\"sow-accordion-open-close-button\">\n\t\t\t\t\t\t\t<div class=\"sow-accordion-open-button\">\n\t\t\t\t\t\t\t\t<span class=\"sow-icon-ionicons\" data-sow-icon=\"&#xf218;\"\n\t\t \n\t\taria-hidden=\"true\"><\/span>\t\t\t\t\t\t\t<\/div>\n\t\t\t\t\t\t\t<div class=\"sow-accordion-close-button\">\n\t\t\t\t\t\t\t\t<span class=\"sow-icon-ionicons\" data-sow-icon=\"&#xf209;\"\n\t\t \n\t\taria-hidden=\"true\"><\/span>\t\t\t\t\t\t\t<\/div>\n\t\t\t\t\t\t<\/div>\n\t\t\t\t\t<\/div>\n\t\t\t\t<\/div>\n\n\t\t\t<div\n\t\t\t\tclass=\"sow-accordion-panel-content\"\n\t\t\t\trole=\"region\"\n\t\t\t\taria-labelledby=\"accordion-label-mein-kind-hat-eine-krankheit-nach-infektionsschutzgesetz-was-muss-ich-tun\"\n\t\t\t\tid=\"accordion-content-mein-kind-hat-eine-krankheit-nach-infektionsschutzgesetz-was-muss-ich-tun\"\n\t\t\t\tstyle=\"display: none;\"\t\t\t>\n\t\t\t\t<div class=\"sow-accordion-panel-border\">\n\t\t\t\t\t<p>Zu Beginn des Schuljahres haben Sie uns die Kenntnisnahme zur \u201eElterninformation Infektionsschutz\u201c mit Ihrer Unterschrift best\u00e4tigt. Sollte Ihr Kind einer der im Infektionsschutzgesetz stehenden Krankheiten (Keuchhusten, Windpocken, Mumps, Scharlach, Covid-19, Scabies (Kr\u00e4tze), L\u00e4use, \u2026) haben, darf es die Schule auf keinen Fall besuchen. Informieren Sie bitte umgehend das Sekretariat und die Klassenleitung.<\/p>\n<p>Wir melden die Infektion im Anschluss an das Gesundheitsamt. Der Schulbesuch ist erst wieder m\u00f6glich, wenn eine Gesundschreibung des Arztes vorliegt.<\/p>\n\t\t\t\t<\/div>\n\t\t\t<\/div>\n\t\t<\/div>\n\t\t\t<div class=\"sow-accordion-panel\n\t\t\t\t\t\"\n\t\t\t\tdata-anchor-id=\"mein-kind-und-ich-fahren-zur-kur-was-ist-zu-beachten\">\n\t\t\t\t\t<div class=\"sow-accordion-panel-header-container\" role=\"heading\" aria-level=\"2\">\n\t\t\t\t\t<div class=\"sow-accordion-panel-header\" tabindex=\"0\" role=\"button\" id=\"accordion-label-mein-kind-und-ich-fahren-zur-kur-was-ist-zu-beachten\" aria-controls=\"accordion-content-mein-kind-und-ich-fahren-zur-kur-was-ist-zu-beachten\" aria-expanded=\"false\">\n\t\t\t\t\t\t<div class=\"sow-accordion-title sow-accordion-title-icon-left\">\n\t\t\t\t\t\t\t\t\t\t\t\t\t\tMein Kind (und ich) fahren zur Kur. Was ist zu beachten?\t\t\t\t\t\t\t\t\t\t\t\t\t<\/div>\n\t\t\t\t\t\t<div class=\"sow-accordion-open-close-button\">\n\t\t\t\t\t\t\t<div class=\"sow-accordion-open-button\">\n\t\t\t\t\t\t\t\t<span class=\"sow-icon-ionicons\" data-sow-icon=\"&#xf218;\"\n\t\t \n\t\taria-hidden=\"true\"><\/span>\t\t\t\t\t\t\t<\/div>\n\t\t\t\t\t\t\t<div class=\"sow-accordion-close-button\">\n\t\t\t\t\t\t\t\t<span class=\"sow-icon-ionicons\" data-sow-icon=\"&#xf209;\"\n\t\t \n\t\taria-hidden=\"true\"><\/span>\t\t\t\t\t\t\t<\/div>\n\t\t\t\t\t\t<\/div>\n\t\t\t\t\t<\/div>\n\t\t\t\t<\/div>\n\n\t\t\t<div\n\t\t\t\tclass=\"sow-accordion-panel-content\"\n\t\t\t\trole=\"region\"\n\t\t\t\taria-labelledby=\"accordion-label-mein-kind-und-ich-fahren-zur-kur-was-ist-zu-beachten\"\n\t\t\t\tid=\"accordion-content-mein-kind-und-ich-fahren-zur-kur-was-ist-zu-beachten\"\n\t\t\t\tstyle=\"display: none;\"\t\t\t>\n\t\t\t\t<div class=\"sow-accordion-panel-border\">\n\t\t\t\t\t<p>Bitte befolgen Sie folgende Dinge:<\/p>\n<ul>\n<li>Formloser Antrag der Eltern (Zeitraum des Aufenthaltes) an die Klassenleitung<br \/>\n<span style=\"color: #ff0000;\">(sp\u00e4testens <strong>4 Wochen<\/strong> vor Antritt der Kur!)<\/span><\/li>\n<li>Kopie der Bewilligung der Kasse oder Aufnahmebescheid der Kurklinik<\/li>\n<\/ul>\n<p>Die Schule erstellt eine Freistellung\/ Anschreiben\/ Erlaubnis f\u00fcr den beantragten Zeitraum. Meist findet f\u00fcr die Sch\u00fcler*innen vor Ort Unterricht in Deutsch und Mathematik statt. Sprechen Sie bitte fr\u00fchzeitig mit den entsprechenden Fachkr\u00e4ften \u00fcber die Versorgung mit Material und\/oder Informationen der voraussichtlichen Themeninhalte. Kurzfristige Aussagen k\u00f6nnen wir nicht t\u00e4tigen.<\/p>\n\t\t\t\t<\/div>\n\t\t\t<\/div>\n\t\t<\/div>\n\t\t<\/div>\n<\/div>\n<\/div><\/div><\/div><\/div><\/div>","protected":false},"excerpt":{"rendered":"","protected":false},"author":1,"featured_media":0,"parent":0,"menu_order":0,"comment_status":"closed","ping_status":"closed","template":"","meta":{"footnotes":""},"class_list":["post-4737","page","type-page","status-publish","hentry"],"_links":{"self":[{"href":"https:\/\/havelschule.de\/index.php?rest_route=\/wp\/v2\/pages\/4737","targetHints":{"allow":["GET"]}}],"collection":[{"href":"https:\/\/havelschule.de\/index.php?rest_route=\/wp\/v2\/pages"}],"about":[{"href":"https:\/\/havelschule.de\/index.php?rest_route=\/wp\/v2\/types\/page"}],"author":[{"embeddable":true,"href":"https:\/\/havelschule.de\/index.php?rest_route=\/wp\/v2\/users\/1"}],"replies":[{"embeddable":true,"href":"https:\/\/havelschule.de\/index.php?rest_route=%2Fwp%2Fv2%2Fcomments&post=4737"}],"version-history":[{"count":53,"href":"https:\/\/havelschule.de\/index.php?rest_route=\/wp\/v2\/pages\/4737\/revisions"}],"predecessor-version":[{"id":8043,"href":"https:\/\/havelschule.de\/index.php?rest_route=\/wp\/v2\/pages\/4737\/revisions\/8043"}],"wp:attachment":[{"href":"https:\/\/havelschule.de\/index.php?rest_route=%2Fwp%2Fv2%2Fmedia&parent=4737"}],"curies":[{"name":"wp","href":"https:\/\/api.w.org\/{rel}","templated":true}]}}